{"id":1718,"date":"2023-03-31T14:48:01","date_gmt":"2023-03-31T18:48:01","guid":{"rendered":"https:\/\/emc-mec-ev2023.isunderconstruction.com\/?page_id=1718"},"modified":"2026-02-19T12:01:28","modified_gmt":"2026-02-19T17:01:28","slug":"soumettre-un-resume","status":"publish","type":"page","link":"https:\/\/evve.emc-mec.ca\/fr\/soumettre-un-resume\/","title":{"rendered":"Participez au programme EVVE 2026"},"content":{"rendered":"\n<p class=\"has-superbfont-medium-font-size\">Mobilit\u00e9 \u00c9lectrique Canada (MEC) accepte maintenant les soumissions d\u2019abstracts pour <strong>EVVE 2026<\/strong>, qui se tiendra du <strong>20 au 22 octobre 2026<\/strong> \u00e0 Winnipeg, Manitoba. Nous accueillons des abstracts explorant tous les aspects de la mobilit\u00e9 \u00e9lectrique et contribuant \u00e0 des discussions \u00e9clair\u00e9es et prospectives \u00e0 l\u2019\u00e9chelle de l\u2019\u00e9cosyst\u00e8me canadien de la mobilit\u00e9 \u00e9lectrique.<\/p>\n\n\n\n<p class=\"has-superbfont-medium-font-size\">Bien que les soumissions couvrant l\u2019ensemble du spectre de la mobilit\u00e9 \u00e9lectrique soient encourag\u00e9es, MEC s\u2019int\u00e9resse particuli\u00e8rement aux pr\u00e9sentations qui s\u2019alignent sur les <strong>principaux axes th\u00e9matiques d\u2019EVVE 2026<\/strong>. Les propositions en dehors de ces th\u00e8mes sont \u00e9galement les bienvenues et seront \u00e9valu\u00e9es selon leur pertinence, leur originalit\u00e9 et leur contribution au programme.<\/p>\n\n\n\n<p class=\"has-superbfont-medium-font-size\"><strong>Axes th\u00e9matiques prioritaires :<\/strong><\/p>\n\n\n\n<ul class=\"wp-block-list\">\n<li class=\"has-contrast-dark-color has-text-color has-link-color has-superbfont-small-font-size wp-elements-2c6d077e3369c4338d8135b25dabd170\" style=\"padding-top:var(--wp--preset--spacing--superbspacing-xxsmall);padding-bottom:var(--wp--preset--spacing--superbspacing-xxsmall)\">Capacit\u00e9s de recyclage au Canada et strat\u00e9gie relative aux min\u00e9raux essentiels<\/li>\n\n\n\n<li class=\"has-contrast-dark-color has-text-color has-link-color has-superbfont-small-font-size wp-elements-d44b85737dc393f7f394d9fe7a2d0053\" style=\"padding-top:var(--wp--preset--spacing--superbspacing-xxsmall);padding-bottom:var(--wp--preset--spacing--superbspacing-xxsmall)\">Strat\u00e9gies d&rsquo;optimisation pour la recharge publique et priv\u00e9e des v\u00e9hicules lourds \u00e0 moteur \u00e9lectrique (MHDV)<\/li>\n\n\n\n<li class=\"has-contrast-dark-color has-text-color has-link-color has-superbfont-small-font-size wp-elements-a5568a51280deb7032c46485e0c62c45\" style=\"padding-top:var(--wp--preset--spacing--superbspacing-xxsmall);padding-bottom:var(--wp--preset--spacing--superbspacing-xxsmall)\">Autobus scolaires \u00e9lectriques : surmonter les obstacles \u00e0 leur adoption<\/li>\n\n\n\n<li class=\"has-contrast-dark-color has-text-color has-link-color has-superbfont-small-font-size wp-elements-57b8ba11f84d4c49c80e510a6f31d800\" style=\"padding-top:var(--wp--preset--spacing--superbspacing-xxsmall);padding-bottom:var(--wp--preset--spacing--superbspacing-xxsmall)\">\u00c9lectrification des transports en commun : relever les d\u00e9fis li\u00e9s \u00e0 la mont\u00e9e en puissance<\/li>\n\n\n\n<li class=\"has-contrast-dark-color has-text-color has-link-color has-superbfont-small-font-size wp-elements-3b74854f6449eb6a1c529b73412376a0\" style=\"padding-top:var(--wp--preset--spacing--superbspacing-xxsmall);padding-bottom:var(--wp--preset--spacing--superbspacing-xxsmall)\">\u00c9lectrification des flottes commerciales : applications pr\u00eates pour le co\u00fbt total de possession.<\/li>\n\n\n\n<li class=\"has-contrast-dark-color has-text-color has-link-color has-superbfont-small-font-size wp-elements-81907301be08a3d234fe4f9ee25d00d1\" style=\"padding-top:var(--wp--preset--spacing--superbspacing-xxsmall);padding-bottom:var(--wp--preset--spacing--superbspacing-xxsmall)\">Naviguer dans les changements et les incertitudes du secteur.<\/li>\n\n\n\n<li class=\"has-contrast-dark-color has-text-color has-link-color has-superbfont-small-font-size wp-elements-a282aefa7f0d62af522f9a89cb2df0c9\" style=\"padding-top:var(--wp--preset--spacing--superbspacing-xxsmall);padding-bottom:var(--wp--preset--spacing--superbspacing-xxsmall)\">Paysage des programmes et des politiques canadiens.<\/li>\n\n\n\n<li class=\"has-contrast-dark-color has-text-color has-link-color has-superbfont-small-font-size wp-elements-32fbed830b918283d6dd87ef6b73e82c\" style=\"padding-top:var(--wp--preset--spacing--superbspacing-xxsmall);padding-bottom:var(--wp--preset--spacing--superbspacing-xxsmall)\">V2X : avantages et r\u00e9sultats des projets pilotes.<\/li>\n\n\n\n<li class=\"has-contrast-dark-color has-text-color has-link-color has-superbfont-small-font-size wp-elements-72aa95e55ce47e8e7d61d4b40295d654\" style=\"padding-top:var(--wp--preset--spacing--superbspacing-xxsmall);padding-bottom:var(--wp--preset--spacing--superbspacing-xxsmall)\">Pr\u00e9visions et planification du r\u00e9seau.<\/li>\n\n\n\n<li class=\"has-contrast-dark-color has-text-color has-link-color has-superbfont-small-font-size wp-elements-74153faedc032f390279999ff4bd1f12\" style=\"padding-top:var(--wp--preset--spacing--superbspacing-xxsmall);padding-bottom:var(--wp--preset--spacing--superbspacing-xxsmall)\">Technologies de gestion de l&rsquo;\u00e9nergie (immeubles \u00e0 usage mixte et flottes).<\/li>\n\n\n\n<li class=\"has-contrast-dark-color has-text-color has-link-color has-superbfont-small-font-size wp-elements-4078a0bd51faba549bf57c09318be7be\" style=\"padding-top:var(--wp--preset--spacing--superbspacing-xxsmall);padding-bottom:var(--wp--preset--spacing--superbspacing-xxsmall)\">Strat\u00e9gies de financement dans le contexte politique actuel.<\/li>\n\n\n\n<li class=\"has-contrast-dark-color has-text-color has-link-color has-superbfont-small-font-size wp-elements-3765f01efab1fb52cef140e3f0b06896\" style=\"padding-top:var(--wp--preset--spacing--superbspacing-xxsmall);padding-bottom:var(--wp--preset--spacing--superbspacing-xxsmall)\">Identifier et combler les lacunes en mati\u00e8re de formation.<\/li>\n\n\n\n<li class=\"has-contrast-dark-color has-text-color has-link-color has-superbfont-small-font-size wp-elements-4de20ab943c3da755c1fabc90d960eea\" style=\"padding-top:var(--wp--preset--spacing--superbspacing-xxsmall);padding-bottom:var(--wp--preset--spacing--superbspacing-xxsmall)\">Pleins feux sur le Manitoba.<\/li>\n<\/ul>\n\n\n\n<p class=\"has-superbfont-medium-font-size\">MEC s\u2019engage \u00e0 promouvoir l\u2019\u00e9quit\u00e9, l\u2019inclusion et la participation significative dans l\u2019ensemble du secteur de la mobilit\u00e9 \u00e9lectrique. Dans le cadre du processus d\u2019\u00e9valuation, une attention particuli\u00e8re sera accord\u00e9e aux pr\u00e9sentations dirig\u00e9es par des conf\u00e9renciers autochtones ou portant sur des projets, partenariats et enjeux d\u2019\u00e9quit\u00e9 men\u00e9s par des communaut\u00e9s autochtones, en reconnaissance de l\u2019importance de ces perspectives pour la transition vers un transport propre au Canada.<br><br>En raison de l\u2019int\u00e9r\u00eat marqu\u00e9 et de l\u2019espace limit\u00e9 dans le programme, les soumissions seront \u00e9valu\u00e9es selon leur alignement avec les objectifs de la conf\u00e9rence, leur originalit\u00e9 et leur capacit\u00e9 \u00e0 d\u00e9montrer l\u2019innovation. MEC s\u2019engage \u00e9galement \u00e0 cr\u00e9er un programme diversifi\u00e9 et inclusif et tiendra compte de la repr\u00e9sentation r\u00e9gionale, du parcours professionnel et de l\u2019\u00e9quilibre entre les genres lors du processus de s\u00e9lection.<\/p>\n\n\n\n<p class=\"has-superbfont-medium-font-size\"><strong>Format de pr\u00e9sentation :<\/strong> Chaque conf\u00e9rencier s\u00e9lectionn\u00e9 disposera d\u2019environ <strong>10 \u00e0 12 minutes<\/strong> pour sa pr\u00e9sentation, suivie d\u2019une discussion mod\u00e9r\u00e9e avec les autres intervenants de la session. Veuillez pr\u00e9parer votre contenu en cons\u00e9quence.<\/p>\n\n\n\n<p class=\"has-superbfont-medium-font-size\"><strong>Date limite de soumission des abstracts :<\/strong> <strong>5 mars 2026 \u00e0 17 h HE<\/strong><\/p>\n\n\n\n<div class=\"wp-block-columns is-layout-flex wp-container-core-columns-is-layout-28f84493 wp-block-columns-is-layout-flex\">\n<div class=\"wp-block-column is-layout-flow wp-block-column-is-layout-flow\">\n<div class=\"wp-block-buttons is-layout-flex wp-block-buttons-is-layout-flex\">\n<div class=\"wp-block-button has-custom-width wp-block-button__width-100\"><a class=\"wp-block-button__link has-custom-color-2-color has-text-color has-link-color has-superbfont-medium-font-size has-custom-font-size wp-element-button\" href=\"https:\/\/site.pheedloop.com\/portal\/event\/EVELIUUKVRXER\/submission\/CALJXATJB5DCFEG\/\" style=\"padding-top:var(--wp--preset--spacing--superbspacing-small);padding-bottom:var(--wp--preset--spacing--superbspacing-small);line-height:1.6\">Soumettre un r\u00e9sum\u00e9 de pr\u00e9sentation<\/a><\/div>\n<\/div>\n<\/div>\n\n\n\n<div class=\"wp-block-column is-layout-flow wp-block-column-is-layout-flow\">\n<div class=\"wp-block-buttons is-layout-flex wp-block-buttons-is-layout-flex\">\n<div class=\"wp-block-button\"><a class=\"wp-block-button__link has-custom-color-2-color has-text-color has-link-color has-superbfont-medium-font-size has-custom-font-size wp-element-button\" href=\"https:\/\/site.pheedloop.com\/portal\/event\/EVELIUUKVRXER\/submission\/CALRQODF72OQ53Y\/application#start\" style=\"padding-top:var(--wp--preset--spacing--superbspacing-small);padding-bottom:var(--wp--preset--spacing--superbspacing-small);line-height:1.6\">Soumettre une demande de mod\u00e9rateur<\/a><\/div>\n<\/div>\n<\/div>\n<\/div>\n\n\n\n<p><\/p>\n","protected":false},"excerpt":{"rendered":"<p>Mobilit\u00e9 \u00c9lectrique Canada (MEC) accepte maintenant les soumissions d\u2019abstracts pour EVVE 2026, qui se tiendra du 20 au 22 octobre 2026 \u00e0 Winnipeg, Manitoba. Nous accueillons des abstracts explorant tous les aspects de la mobilit\u00e9 \u00e9lectrique et contribuant \u00e0 des discussions \u00e9clair\u00e9es et prospectives \u00e0 l\u2019\u00e9chelle de l\u2019\u00e9cosyst\u00e8me canadien de la mobilit\u00e9 \u00e9lectrique. Bien que [&hellip;]<\/p>\n","protected":false},"author":3,"featured_media":0,"parent":0,"menu_order":0,"comment_status":"closed","ping_status":"closed","template":"","meta":{"_monsterinsights_skip_tracking":false,"_monsterinsights_sitenote_active":false,"_monsterinsights_sitenote_note":"","_monsterinsights_sitenote_category":0,"footnotes":""},"class_list":["post-1718","page","type-page","status-publish","hentry"],"acf":[],"yoast_head":"<!-- This site is optimized with the Yoast SEO plugin v27.5 - https:\/\/yoast.com\/product\/yoast-seo-wordpress\/ -->\n<title>Participez au programme EVVE 2026 - EVVE 2026<\/title>\n<meta name=\"robots\" content=\"index, follow, max-snippet:-1, max-image-preview:large, max-video-preview:-1\" \/>\n<link rel=\"canonical\" href=\"https:\/\/evve.emc-mec.ca\/fr\/soumettre-un-resume\/\" \/>\n<meta property=\"og:locale\" content=\"fr_FR\" \/>\n<meta property=\"og:type\" content=\"article\" \/>\n<meta property=\"og:title\" content=\"Participez au programme EVVE 2026 - EVVE 2026\" \/>\n<meta property=\"og:description\" content=\"Mobilit\u00e9 \u00c9lectrique Canada (MEC) accepte maintenant les soumissions d\u2019abstracts pour EVVE 2026, qui se tiendra du 20 au 22 octobre 2026 \u00e0 Winnipeg, Manitoba. Nous accueillons des abstracts explorant tous les aspects de la mobilit\u00e9 \u00e9lectrique et contribuant \u00e0 des discussions \u00e9clair\u00e9es et prospectives \u00e0 l\u2019\u00e9chelle de l\u2019\u00e9cosyst\u00e8me canadien de la mobilit\u00e9 \u00e9lectrique. Bien que [&hellip;]\" \/>\n<meta property=\"og:url\" content=\"https:\/\/evve.emc-mec.ca\/fr\/soumettre-un-resume\/\" \/>\n<meta property=\"og:site_name\" content=\"EVVE 2026\" \/>\n<meta property=\"article:modified_time\" content=\"2026-02-19T17:01:28+00:00\" \/>\n<meta property=\"og:image\" content=\"https:\/\/evve.emc-mec.ca\/wp-content\/uploads\/2025\/02\/EVVE-social-link-image-1024x791.png\" \/>\n\t<meta property=\"og:image:width\" content=\"1024\" \/>\n\t<meta property=\"og:image:height\" content=\"791\" \/>\n\t<meta property=\"og:image:type\" content=\"image\/png\" \/>\n<meta name=\"twitter:card\" content=\"summary_large_image\" \/>\n<meta name=\"twitter:label1\" content=\"Dur\u00e9e de lecture estim\u00e9e\" \/>\n\t<meta name=\"twitter:data1\" content=\"2 minutes\" \/>\n<script type=\"application\/ld+json\" class=\"yoast-schema-graph\">{\"@context\":\"https:\\\/\\\/schema.org\",\"@graph\":[{\"@type\":\"WebPage\",\"@id\":\"https:\\\/\\\/evve.emc-mec.ca\\\/fr\\\/soumettre-un-resume\\\/\",\"url\":\"https:\\\/\\\/evve.emc-mec.ca\\\/fr\\\/soumettre-un-resume\\\/\",\"name\":\"Participez au programme EVVE 2026 - EVVE 2026\",\"isPartOf\":{\"@id\":\"https:\\\/\\\/evve.emc-mec.ca\\\/#website\"},\"datePublished\":\"2023-03-31T18:48:01+00:00\",\"dateModified\":\"2026-02-19T17:01:28+00:00\",\"breadcrumb\":{\"@id\":\"https:\\\/\\\/evve.emc-mec.ca\\\/fr\\\/soumettre-un-resume\\\/#breadcrumb\"},\"inLanguage\":\"fr-FR\",\"potentialAction\":[{\"@type\":\"ReadAction\",\"target\":[\"https:\\\/\\\/evve.emc-mec.ca\\\/fr\\\/soumettre-un-resume\\\/\"]}]},{\"@type\":\"BreadcrumbList\",\"@id\":\"https:\\\/\\\/evve.emc-mec.ca\\\/fr\\\/soumettre-un-resume\\\/#breadcrumb\",\"itemListElement\":[{\"@type\":\"ListItem\",\"position\":1,\"name\":\"Home\",\"item\":\"https:\\\/\\\/evve.emc-mec.ca\\\/\"},{\"@type\":\"ListItem\",\"position\":2,\"name\":\"Participez au programme EVVE 2026\"}]},{\"@type\":\"WebSite\",\"@id\":\"https:\\\/\\\/evve.emc-mec.ca\\\/#website\",\"url\":\"https:\\\/\\\/evve.emc-mec.ca\\\/\",\"name\":\"EVVE 2026\",\"description\":\"EMC&#039;s national conference\",\"publisher\":{\"@id\":\"https:\\\/\\\/evve.emc-mec.ca\\\/#organization\"},\"potentialAction\":[{\"@type\":\"SearchAction\",\"target\":{\"@type\":\"EntryPoint\",\"urlTemplate\":\"https:\\\/\\\/evve.emc-mec.ca\\\/?s={search_term_string}\"},\"query-input\":{\"@type\":\"PropertyValueSpecification\",\"valueRequired\":true,\"valueName\":\"search_term_string\"}}],\"inLanguage\":\"fr-FR\"},{\"@type\":\"Organization\",\"@id\":\"https:\\\/\\\/evve.emc-mec.ca\\\/#organization\",\"name\":\"Electric Mobility Canada \\\/ Mobilit\u00e9 \u00c9lectrique Canada\",\"url\":\"https:\\\/\\\/evve.emc-mec.ca\\\/\",\"logo\":{\"@type\":\"ImageObject\",\"inLanguage\":\"fr-FR\",\"@id\":\"https:\\\/\\\/evve.emc-mec.ca\\\/#\\\/schema\\\/logo\\\/image\\\/\",\"url\":\"https:\\\/\\\/evve.emc-mec.ca\\\/wp-content\\\/uploads\\\/2026\\\/04\\\/EVVE-2026-Sponsor-Logos-Web.png\",\"contentUrl\":\"https:\\\/\\\/evve.emc-mec.ca\\\/wp-content\\\/uploads\\\/2026\\\/04\\\/EVVE-2026-Sponsor-Logos-Web.png\",\"width\":2000,\"height\":1429,\"caption\":\"Electric Mobility Canada \\\/ Mobilit\u00e9 \u00c9lectrique Canada\"},\"image\":{\"@id\":\"https:\\\/\\\/evve.emc-mec.ca\\\/#\\\/schema\\\/logo\\\/image\\\/\"}}]}<\/script>\n<!-- \/ Yoast SEO plugin. -->","yoast_head_json":{"title":"Participez au programme EVVE 2026 - EVVE 2026","robots":{"index":"index","follow":"follow","max-snippet":"max-snippet:-1","max-image-preview":"max-image-preview:large","max-video-preview":"max-video-preview:-1"},"canonical":"https:\/\/evve.emc-mec.ca\/fr\/soumettre-un-resume\/","og_locale":"fr_FR","og_type":"article","og_title":"Participez au programme EVVE 2026 - EVVE 2026","og_description":"Mobilit\u00e9 \u00c9lectrique Canada (MEC) accepte maintenant les soumissions d\u2019abstracts pour EVVE 2026, qui se tiendra du 20 au 22 octobre 2026 \u00e0 Winnipeg, Manitoba. Nous accueillons des abstracts explorant tous les aspects de la mobilit\u00e9 \u00e9lectrique et contribuant \u00e0 des discussions \u00e9clair\u00e9es et prospectives \u00e0 l\u2019\u00e9chelle de l\u2019\u00e9cosyst\u00e8me canadien de la mobilit\u00e9 \u00e9lectrique. Bien que [&hellip;]","og_url":"https:\/\/evve.emc-mec.ca\/fr\/soumettre-un-resume\/","og_site_name":"EVVE 2026","article_modified_time":"2026-02-19T17:01:28+00:00","og_image":[{"width":1024,"height":791,"url":"https:\/\/evve.emc-mec.ca\/wp-content\/uploads\/2025\/02\/EVVE-social-link-image-1024x791.png","type":"image\/png"}],"twitter_card":"summary_large_image","twitter_misc":{"Dur\u00e9e de lecture estim\u00e9e":"2 minutes"},"schema":{"@context":"https:\/\/schema.org","@graph":[{"@type":"WebPage","@id":"https:\/\/evve.emc-mec.ca\/fr\/soumettre-un-resume\/","url":"https:\/\/evve.emc-mec.ca\/fr\/soumettre-un-resume\/","name":"Participez au programme EVVE 2026 - EVVE 2026","isPartOf":{"@id":"https:\/\/evve.emc-mec.ca\/#website"},"datePublished":"2023-03-31T18:48:01+00:00","dateModified":"2026-02-19T17:01:28+00:00","breadcrumb":{"@id":"https:\/\/evve.emc-mec.ca\/fr\/soumettre-un-resume\/#breadcrumb"},"inLanguage":"fr-FR","potentialAction":[{"@type":"ReadAction","target":["https:\/\/evve.emc-mec.ca\/fr\/soumettre-un-resume\/"]}]},{"@type":"BreadcrumbList","@id":"https:\/\/evve.emc-mec.ca\/fr\/soumettre-un-resume\/#breadcrumb","itemListElement":[{"@type":"ListItem","position":1,"name":"Home","item":"https:\/\/evve.emc-mec.ca\/"},{"@type":"ListItem","position":2,"name":"Participez au programme EVVE 2026"}]},{"@type":"WebSite","@id":"https:\/\/evve.emc-mec.ca\/#website","url":"https:\/\/evve.emc-mec.ca\/","name":"EVVE 2026","description":"EMC&#039;s national conference","publisher":{"@id":"https:\/\/evve.emc-mec.ca\/#organization"},"potentialAction":[{"@type":"SearchAction","target":{"@type":"EntryPoint","urlTemplate":"https:\/\/evve.emc-mec.ca\/?s={search_term_string}"},"query-input":{"@type":"PropertyValueSpecification","valueRequired":true,"valueName":"search_term_string"}}],"inLanguage":"fr-FR"},{"@type":"Organization","@id":"https:\/\/evve.emc-mec.ca\/#organization","name":"Electric Mobility Canada \/ Mobilit\u00e9 \u00c9lectrique Canada","url":"https:\/\/evve.emc-mec.ca\/","logo":{"@type":"ImageObject","inLanguage":"fr-FR","@id":"https:\/\/evve.emc-mec.ca\/#\/schema\/logo\/image\/","url":"https:\/\/evve.emc-mec.ca\/wp-content\/uploads\/2026\/04\/EVVE-2026-Sponsor-Logos-Web.png","contentUrl":"https:\/\/evve.emc-mec.ca\/wp-content\/uploads\/2026\/04\/EVVE-2026-Sponsor-Logos-Web.png","width":2000,"height":1429,"caption":"Electric Mobility Canada \/ Mobilit\u00e9 \u00c9lectrique Canada"},"image":{"@id":"https:\/\/evve.emc-mec.ca\/#\/schema\/logo\/image\/"}}]}},"_links":{"self":[{"href":"https:\/\/evve.emc-mec.ca\/fr\/wp-json\/wp\/v2\/pages\/1718","targetHints":{"allow":["GET"]}}],"collection":[{"href":"https:\/\/evve.emc-mec.ca\/fr\/wp-json\/wp\/v2\/pages"}],"about":[{"href":"https:\/\/evve.emc-mec.ca\/fr\/wp-json\/wp\/v2\/types\/page"}],"author":[{"embeddable":true,"href":"https:\/\/evve.emc-mec.ca\/fr\/wp-json\/wp\/v2\/users\/3"}],"replies":[{"embeddable":true,"href":"https:\/\/evve.emc-mec.ca\/fr\/wp-json\/wp\/v2\/comments?post=1718"}],"version-history":[{"count":19,"href":"https:\/\/evve.emc-mec.ca\/fr\/wp-json\/wp\/v2\/pages\/1718\/revisions"}],"predecessor-version":[{"id":7416,"href":"https:\/\/evve.emc-mec.ca\/fr\/wp-json\/wp\/v2\/pages\/1718\/revisions\/7416"}],"wp:attachment":[{"href":"https:\/\/evve.emc-mec.ca\/fr\/wp-json\/wp\/v2\/media?parent=1718"}],"curies":[{"name":"wp","href":"https:\/\/api.w.org\/{rel}","templated":true}]}}